{"id":80795,"date":"2024-10-06T13:07:47","date_gmt":"2024-10-06T11:07:47","guid":{"rendered":"https:\/\/jcarchitect.com\/?post_type=project&#038;p=80795"},"modified":"2024-10-06T13:13:47","modified_gmt":"2024-10-06T11:13:47","slug":"renovation-complete-dune-maison-individuelle-a-supermaresme","status":"publish","type":"project","link":"https:\/\/jcarchitect.com\/fr\/project\/renovation-complete-dune-maison-individuelle-a-supermaresme\/","title":{"rendered":"R\u00e9novation compl\u00e8te d'une maison individuelle \u00e0 Supermaresme"},"content":{"rendered":"<p>R\u00e9novation compl\u00e8te d'une maison individuelle \u00e0 Supermaresme<\/p>\n<p>Ce projet a \u00e9t\u00e9 command\u00e9 par un bon ami qui m'a fait part de son intention de r\u00e9nover sa maison.<\/p>\n<p>En outre, l'id\u00e9e est n\u00e9e pr\u00e9cis\u00e9ment sur le lieu du projet, dans la maison elle-m\u00eame. Il avait d\u00e9j\u00e0 eu l'occasion de la visiter et y avait m\u00eame dormi une fois, c'\u00e9tait donc un am\u00e9nagement qu'il connaissait d\u00e9j\u00e0.<\/p>\n<p>La maison a \u00e9t\u00e9 construite en 1986 et devait \u00e0 l'origine servir d'annexe \u00e0 la maison principale, plus grande, situ\u00e9e sur le m\u00eame terrain. En 2000, une extension de la maison a \u00e9t\u00e9 r\u00e9alis\u00e9e pour compl\u00e9ter un programme comprenant une chambre principale, deux chambres doubles, quatre salles de bains, un salon-salle \u00e0 manger, une cuisine et une buanderie.<\/p>\n<p>Le plan d'origine comportait trop de cloisons, trop d'espace de circulation et un plan mal utilis\u00e9. Mais la maison a \u00e9t\u00e9 r\u00e9alis\u00e9e avec des solutions architecturales traditionnelles et un aspect ext\u00e9rieur classique, avec un toit \u00e0 4 pentes en tuiles c\u00e9ramiques, avec des avant-toits, et un tr\u00e8s bon aspect esth\u00e9tique ext\u00e9rieur.<\/p>\n<p>Le plan de la maison est en forme de \u00ab V \u00bb, compos\u00e9 de la construction rectangulaire d'origine et de l'annexe arri\u00e8re, align\u00e9e sur la limite du terrain. L'ext\u00e9rieur dispose d'un porche et d'un \u00e9norme jardin avec une grande piscine et des vues impressionnantes sur la c\u00f4te du Maresme et la mer M\u00e9diterran\u00e9e.<\/p>\n<p>Le programme fonctionnel du projet devait inclure des espaces pour un couple, deux fr\u00e8res et deux s\u0153urs. Il a donc \u00e9t\u00e9 d\u00e9cid\u00e9 de cr\u00e9er une chambre principale et deux chambres doubles avec salles de bains attenantes, un salon-salle \u00e0 manger, une cuisine et un espace int\u00e9gr\u00e9 \u00e0 la chambre principale pouvant \u00eatre utilis\u00e9 comme bureau.<\/p>\n<p>L'id\u00e9e du projet \u00e9tait tr\u00e8s claire d\u00e8s le d\u00e9part et reposait sur les concepts suivants : cr\u00e9er des espaces plus ouverts, \u00e9liminer les passages, cr\u00e9er un salon avec une chemin\u00e9e, cr\u00e9er une cuisine ouverte, \u00e9quiper les deux pi\u00e8ces secondaires, am\u00e9liorer la connexion entre l'int\u00e9rieur et l'ext\u00e9rieur, am\u00e9liorer les installations et les cl\u00f4tures, et tout cela sans affecter la structure de la maison et sans modifier sa volum\u00e9trie afin d'obtenir une licence de travaux mineurs.<\/p>\n<p>Le programme fonctionnel du projet devait inclure des espaces pour un couple, deux fr\u00e8res et deux s\u0153urs. Il a donc \u00e9t\u00e9 d\u00e9cid\u00e9 de cr\u00e9er une chambre principale et deux chambres doubles avec salles de bains attenantes, un salon-salle \u00e0 manger, une cuisine et un espace int\u00e9gr\u00e9 \u00e0 la chambre principale pouvant \u00eatre utilis\u00e9 comme bureau.<\/p>\n<p>L'id\u00e9e du projet \u00e9tait tr\u00e8s claire d\u00e8s le d\u00e9part et reposait sur les concepts suivants : cr\u00e9er des espaces plus ouverts, \u00e9liminer les passages, cr\u00e9er un salon avec une chemin\u00e9e, cr\u00e9er une cuisine ouverte, \u00e9quiper les deux pi\u00e8ces secondaires, am\u00e9liorer la connexion entre l'int\u00e9rieur et l'ext\u00e9rieur, am\u00e9liorer les installations et les cl\u00f4tures, et tout cela sans affecter la structure de la maison et sans modifier sa volum\u00e9trie afin d'obtenir une licence de travaux mineurs.<\/p>\n<p>L'ex\u00e9cution du projet a consist\u00e9 en la d\u00e9molition compl\u00e8te de toutes les cloisons, en ne respectant que les murs porteurs, les fa\u00e7ades et la chemin\u00e9e. L'appui de fen\u00eatre du salon a \u00e9galement \u00e9t\u00e9 d\u00e9moli pour cr\u00e9er un acc\u00e8s direct de la pi\u00e8ce principale au porche ext\u00e9rieur. Tous les ch\u00e2ssis d'origine en PVC blanc ont \u00e9t\u00e9 remplac\u00e9s par des ch\u00e2ssis en aluminium noir \u00e0 rupture de pont thermique. La chemin\u00e9e d'origine est devenue, comme elle le m\u00e9rite, la pi\u00e8ce ma\u00eetresse du projet autour de laquelle se trouvent la nouvelle cuisine ouverte et la salle \u00e0 manger. Des ventilateurs ont \u00e9t\u00e9 install\u00e9s dans tous les espaces, avec l'ajout d'une unit\u00e9 de climatisation dans la chambre principale. Un lavabo et une douche ouverte ont \u00e9t\u00e9 install\u00e9s dans la chambre principale pour cr\u00e9er des espaces encore plus ouverts et perm\u00e9ables. De m\u00eame, des portes coulissantes ont \u00e9t\u00e9 choisies pour les connexions entre tous les espaces afin de minimiser l'occupation des espaces de transit par des portes battantes ou tout autre \u00e9l\u00e9ment qui interrompt leur continuit\u00e9.<\/p>\n<p>Pour l'ex\u00e9cution du projet et le choix des mat\u00e9riaux, nous avons b\u00e9n\u00e9fici\u00e9 de l'aide de l'architecte d'int\u00e9rieur Lupe Rebollar, avec qui ce fut un r\u00e9el plaisir de travailler.<\/p>\n<p>Les mat\u00e9riaux choisis sont le bois stratifi\u00e9 pour le sol continu, le microciment et le carrelage pour les salles de bains, des panneaux en bois pour les meubles de cuisine et un plan de travail de couleur anthracite assorti aux m\u00e9canismes, aux poign\u00e9es et aux menuiseries ext\u00e9rieures. Les m\u00e9canismes sont de la marque Gira, les \u00e9quipements de la marque Selec, les ventilateurs LED C4, les armoires Technal et les \u00e9quipements de salle de bain Roca.<\/p>\n<p>La commande a \u00e9t\u00e9 pass\u00e9e en novembre 2023, les travaux ont d\u00e9but\u00e9 en janvier 2024 et se sont achev\u00e9s en juillet 2024. L'objectif \u00e9tait de r\u00e9aliser les travaux de mani\u00e8re \u00e0 ce que la famille du propri\u00e9taire puisse profiter de ses vacances d'\u00e9t\u00e9 dans la nouvelle maison. Le projet comprenait \u00e9galement la cr\u00e9ation d'une terrasse ext\u00e9rieure et de sa pergola ainsi que la reprise de la plage de la piscine ext\u00e9rieure.<\/p>\n<p>La construction a \u00e9t\u00e9 r\u00e9alis\u00e9e par Contru-Buch SL.<\/p>\n<p>&nbsp;<\/p>\n","protected":false},"featured_media":80756,"template":"","typology":[104,102],"location":[894],"project-type":[240],"yoast_head":"<!-- This site is optimized with the Yoast SEO plugin v22.6 - https:\/\/yoast.com\/wordpress\/plugins\/seo\/ -->\n<title>R\u00e9novation compl\u00e8te d&#039;une maison individuelle \u00e0 Supermaresme - JC Architect<\/title>\n<meta name=\"robots\" content=\"index, follow, max-snippet:-1, max-image-preview:large, max-video-preview:-1\" \/>\n<link rel=\"canonical\" href=\"https:\/\/jcarchitect.com\/fr\/project\/renovation-complete-dune-maison-individuelle-a-supermaresme\/\" \/>\n<meta property=\"og:locale\" content=\"fr_FR\" \/>\n<meta property=\"og:type\" content=\"article\" \/>\n<meta property=\"og:title\" content=\"R\u00e9novation compl\u00e8te d&#039;une maison individuelle \u00e0 Supermaresme - JC Architect\" \/>\n<meta property=\"og:description\" content=\"R\u00e9novation compl\u00e8te d&#039;une maison individuelle \u00e0 Supermaresme Ce projet a \u00e9t\u00e9 command\u00e9 par un bon ami qui m&#039;a fait part de son intention de r\u00e9nover sa maison. En outre, l&#039;id\u00e9e est n\u00e9e pr\u00e9cis\u00e9ment sur le lieu du projet, dans la maison elle-m\u00eame. Il avait d\u00e9j\u00e0 eu l&#039;occasion de la visiter et y avait m\u00eame dormi [&hellip;]\" \/>\n<meta property=\"og:url\" content=\"https:\/\/jcarchitect.com\/fr\/project\/renovation-complete-dune-maison-individuelle-a-supermaresme\/\" \/>\n<meta property=\"og:site_name\" content=\"JC Architect\" \/>\n<meta property=\"article:modified_time\" content=\"2024-10-06T11:13:47+00:00\" \/>\n<meta property=\"og:image\" content=\"https:\/\/jcarchitect.com\/jcarchitect\/wp-content\/uploads\/2024-001-7-4.jpg\" \/>\n\t<meta property=\"og:image:width\" content=\"1280\" \/>\n\t<meta property=\"og:image:height\" content=\"720\" \/>\n\t<meta property=\"og:image:type\" content=\"image\/jpeg\" \/>\n<meta name=\"twitter:card\" content=\"summary_large_image\" \/>\n<meta name=\"twitter:label1\" content=\"Dur\u00e9e de lecture estim\u00e9e\" \/>\n\t<meta name=\"twitter:data1\" content=\"5 minutes\" \/>\n<script type=\"application\/ld+json\" class=\"yoast-schema-graph\">{\"@context\":\"https:\/\/schema.org\",\"@graph\":[{\"@type\":\"WebPage\",\"@id\":\"https:\/\/jcarchitect.com\/fr\/project\/renovation-complete-dune-maison-individuelle-a-supermaresme\/\",\"url\":\"https:\/\/jcarchitect.com\/fr\/project\/renovation-complete-dune-maison-individuelle-a-supermaresme\/\",\"name\":\"R\u00e9novation compl\u00e8te d'une maison individuelle \u00e0 Supermaresme - JC Architect\",\"isPartOf\":{\"@id\":\"https:\/\/jcarchitect.com\/fr\/#website\"},\"primaryImageOfPage\":{\"@id\":\"https:\/\/jcarchitect.com\/fr\/project\/renovation-complete-dune-maison-individuelle-a-supermaresme\/#primaryimage\"},\"image\":{\"@id\":\"https:\/\/jcarchitect.com\/fr\/project\/renovation-complete-dune-maison-individuelle-a-supermaresme\/#primaryimage\"},\"thumbnailUrl\":\"https:\/\/jcarchitect.com\/jcarchitect\/wp-content\/uploads\/2024-001-7-4.jpg\",\"datePublished\":\"2024-10-06T11:07:47+00:00\",\"dateModified\":\"2024-10-06T11:13:47+00:00\",\"breadcrumb\":{\"@id\":\"https:\/\/jcarchitect.com\/fr\/project\/renovation-complete-dune-maison-individuelle-a-supermaresme\/#breadcrumb\"},\"inLanguage\":\"fr-FR\",\"potentialAction\":[{\"@type\":\"ReadAction\",\"target\":[\"https:\/\/jcarchitect.com\/fr\/project\/renovation-complete-dune-maison-individuelle-a-supermaresme\/\"]}]},{\"@type\":\"ImageObject\",\"inLanguage\":\"fr-FR\",\"@id\":\"https:\/\/jcarchitect.com\/fr\/project\/renovation-complete-dune-maison-individuelle-a-supermaresme\/#primaryimage\",\"url\":\"https:\/\/jcarchitect.com\/jcarchitect\/wp-content\/uploads\/2024-001-7-4.jpg\",\"contentUrl\":\"https:\/\/jcarchitect.com\/jcarchitect\/wp-content\/uploads\/2024-001-7-4.jpg\",\"width\":1280,\"height\":720},{\"@type\":\"BreadcrumbList\",\"@id\":\"https:\/\/jcarchitect.com\/fr\/project\/renovation-complete-dune-maison-individuelle-a-supermaresme\/#breadcrumb\",\"itemListElement\":[{\"@type\":\"ListItem\",\"position\":1,\"name\":\"Home\",\"item\":\"https:\/\/jcarchitect.com\/fr\/\"},{\"@type\":\"ListItem\",\"position\":2,\"name\":\"R\u00e9novation compl\u00e8te d'une maison individuelle \u00e0 Supermaresme\"}]},{\"@type\":\"WebSite\",\"@id\":\"https:\/\/jcarchitect.com\/fr\/#website\",\"url\":\"https:\/\/jcarchitect.com\/fr\/\",\"name\":\"JC Architect\",\"description\":\"Real Estate consultancy Barcelona\",\"publisher\":{\"@id\":\"https:\/\/jcarchitect.com\/fr\/#organization\"},\"potentialAction\":[{\"@type\":\"SearchAction\",\"target\":{\"@type\":\"EntryPoint\",\"urlTemplate\":\"https:\/\/jcarchitect.com\/fr\/?s={search_term_string}\"},\"query-input\":\"required name=search_term_string\"}],\"inLanguage\":\"fr-FR\"},{\"@type\":\"Organization\",\"@id\":\"https:\/\/jcarchitect.com\/fr\/#organization\",\"name\":\"JC Architect\",\"url\":\"https:\/\/jcarchitect.com\/fr\/\",\"logo\":{\"@type\":\"ImageObject\",\"inLanguage\":\"fr-FR\",\"@id\":\"https:\/\/jcarchitect.com\/fr\/#\/schema\/logo\/image\/\",\"url\":\"https:\/\/jcarchitect.com\/jcarchitect\/wp-content\/uploads\/favicon-bg.png\",\"contentUrl\":\"https:\/\/jcarchitect.com\/jcarchitect\/wp-content\/uploads\/favicon-bg.png\",\"width\":144,\"height\":144,\"caption\":\"JC Architect\"},\"image\":{\"@id\":\"https:\/\/jcarchitect.com\/fr\/#\/schema\/logo\/image\/\"}}]}<\/script>\n<!-- \/ Yoast SEO plugin. -->","yoast_head_json":{"title":"R\u00e9novation compl\u00e8te d'une maison individuelle \u00e0 Supermaresme - JC Architect","robots":{"index":"index","follow":"follow","max-snippet":"max-snippet:-1","max-image-preview":"max-image-preview:large","max-video-preview":"max-video-preview:-1"},"canonical":"https:\/\/jcarchitect.com\/fr\/project\/renovation-complete-dune-maison-individuelle-a-supermaresme\/","og_locale":"fr_FR","og_type":"article","og_title":"R\u00e9novation compl\u00e8te d'une maison individuelle \u00e0 Supermaresme - JC Architect","og_description":"R\u00e9novation compl\u00e8te d'une maison individuelle \u00e0 Supermaresme Ce projet a \u00e9t\u00e9 command\u00e9 par un bon ami qui m'a fait part de son intention de r\u00e9nover sa maison. En outre, l'id\u00e9e est n\u00e9e pr\u00e9cis\u00e9ment sur le lieu du projet, dans la maison elle-m\u00eame. Il avait d\u00e9j\u00e0 eu l'occasion de la visiter et y avait m\u00eame dormi [&hellip;]","og_url":"https:\/\/jcarchitect.com\/fr\/project\/renovation-complete-dune-maison-individuelle-a-supermaresme\/","og_site_name":"JC Architect","article_modified_time":"2024-10-06T11:13:47+00:00","og_image":[{"width":1280,"height":720,"url":"https:\/\/jcarchitect.com\/jcarchitect\/wp-content\/uploads\/2024-001-7-4.jpg","type":"image\/jpeg"}],"twitter_card":"summary_large_image","twitter_misc":{"Dur\u00e9e de lecture estim\u00e9e":"5 minutes"},"schema":{"@context":"https:\/\/schema.org","@graph":[{"@type":"WebPage","@id":"https:\/\/jcarchitect.com\/fr\/project\/renovation-complete-dune-maison-individuelle-a-supermaresme\/","url":"https:\/\/jcarchitect.com\/fr\/project\/renovation-complete-dune-maison-individuelle-a-supermaresme\/","name":"R\u00e9novation compl\u00e8te d'une maison individuelle \u00e0 Supermaresme - JC Architect","isPartOf":{"@id":"https:\/\/jcarchitect.com\/fr\/#website"},"primaryImageOfPage":{"@id":"https:\/\/jcarchitect.com\/fr\/project\/renovation-complete-dune-maison-individuelle-a-supermaresme\/#primaryimage"},"image":{"@id":"https:\/\/jcarchitect.com\/fr\/project\/renovation-complete-dune-maison-individuelle-a-supermaresme\/#primaryimage"},"thumbnailUrl":"https:\/\/jcarchitect.com\/jcarchitect\/wp-content\/uploads\/2024-001-7-4.jpg","datePublished":"2024-10-06T11:07:47+00:00","dateModified":"2024-10-06T11:13:47+00:00","breadcrumb":{"@id":"https:\/\/jcarchitect.com\/fr\/project\/renovation-complete-dune-maison-individuelle-a-supermaresme\/#breadcrumb"},"inLanguage":"fr-FR","potentialAction":[{"@type":"ReadAction","target":["https:\/\/jcarchitect.com\/fr\/project\/renovation-complete-dune-maison-individuelle-a-supermaresme\/"]}]},{"@type":"ImageObject","inLanguage":"fr-FR","@id":"https:\/\/jcarchitect.com\/fr\/project\/renovation-complete-dune-maison-individuelle-a-supermaresme\/#primaryimage","url":"https:\/\/jcarchitect.com\/jcarchitect\/wp-content\/uploads\/2024-001-7-4.jpg","contentUrl":"https:\/\/jcarchitect.com\/jcarchitect\/wp-content\/uploads\/2024-001-7-4.jpg","width":1280,"height":720},{"@type":"BreadcrumbList","@id":"https:\/\/jcarchitect.com\/fr\/project\/renovation-complete-dune-maison-individuelle-a-supermaresme\/#breadcrumb","itemListElement":[{"@type":"ListItem","position":1,"name":"Home","item":"https:\/\/jcarchitect.com\/fr\/"},{"@type":"ListItem","position":2,"name":"R\u00e9novation compl\u00e8te d'une maison individuelle \u00e0 Supermaresme"}]},{"@type":"WebSite","@id":"https:\/\/jcarchitect.com\/fr\/#website","url":"https:\/\/jcarchitect.com\/fr\/","name":"JC Architect","description":"Real Estate consultancy Barcelona","publisher":{"@id":"https:\/\/jcarchitect.com\/fr\/#organization"},"potentialAction":[{"@type":"SearchAction","target":{"@type":"EntryPoint","urlTemplate":"https:\/\/jcarchitect.com\/fr\/?s={search_term_string}"},"query-input":"required name=search_term_string"}],"inLanguage":"fr-FR"},{"@type":"Organization","@id":"https:\/\/jcarchitect.com\/fr\/#organization","name":"JC Architect","url":"https:\/\/jcarchitect.com\/fr\/","logo":{"@type":"ImageObject","inLanguage":"fr-FR","@id":"https:\/\/jcarchitect.com\/fr\/#\/schema\/logo\/image\/","url":"https:\/\/jcarchitect.com\/jcarchitect\/wp-content\/uploads\/favicon-bg.png","contentUrl":"https:\/\/jcarchitect.com\/jcarchitect\/wp-content\/uploads\/favicon-bg.png","width":144,"height":144,"caption":"JC Architect"},"image":{"@id":"https:\/\/jcarchitect.com\/fr\/#\/schema\/logo\/image\/"}}]}},"_links":{"self":[{"href":"https:\/\/jcarchitect.com\/fr\/wp-json\/wp\/v2\/project\/80795"}],"collection":[{"href":"https:\/\/jcarchitect.com\/fr\/wp-json\/wp\/v2\/project"}],"about":[{"href":"https:\/\/jcarchitect.com\/fr\/wp-json\/wp\/v2\/types\/project"}],"wp:featuredmedia":[{"embeddable":true,"href":"https:\/\/jcarchitect.com\/fr\/wp-json\/wp\/v2\/media\/80756"}],"wp:attachment":[{"href":"https:\/\/jcarchitect.com\/fr\/wp-json\/wp\/v2\/media?parent=80795"}],"wp:term":[{"taxonomy":"typology","embeddable":true,"href":"https:\/\/jcarchitect.com\/fr\/wp-json\/wp\/v2\/typology?post=80795"},{"taxonomy":"location","embeddable":true,"href":"https:\/\/jcarchitect.com\/fr\/wp-json\/wp\/v2\/location?post=80795"},{"taxonomy":"project-type","embeddable":true,"href":"https:\/\/jcarchitect.com\/fr\/wp-json\/wp\/v2\/project-type?post=80795"}],"curies":[{"name":"wp","href":"https:\/\/api.w.org\/{rel}","templated":true}]}}