{"version":"1.0","provider_name":"JC Architect","provider_url":"https:\/\/jcarchitect.com\/fr\/","author_name":"Jorge Camprecios","author_url":"https:\/\/jcarchitect.com\/fr\/author\/jorge\/","title":"Maison bucolique en Cerdagne - JC Architect","type":"rich","width":600,"height":338,"html":"<blockquote class=\"wp-embedded-content\" data-secret=\"RKa8gj4iRQ\"><a href=\"https:\/\/jcarchitect.com\/fr\/property\/maison-bucolique-en-cerdagne\/\">Maison bucolique en Cerdagne<\/a><\/blockquote><iframe sandbox=\"allow-scripts\" security=\"restricted\" src=\"https:\/\/jcarchitect.com\/fr\/property\/maison-bucolique-en-cerdagne\/embed\/#?secret=RKa8gj4iRQ\" width=\"600\" height=\"338\" title=\"\u00ab\u00a0Maison bucolique en Cerdagne\u00a0\u00bb &#8212; JC Architect\" data-secret=\"RKa8gj4iRQ\" frameborder=\"0\" marginwidth=\"0\" marginheight=\"0\" scrolling=\"no\" class=\"wp-embedded-content\"><\/iframe><script type=\"text\/javascript\">\n\/*! This file is auto-generated *\/\n!function(c,d){\"use strict\";var e=!1,o=!1;if(d.querySelector)if(c.addEventListener)e=!0;if(c.wp=c.wp||{},c.wp.receiveEmbedMessage);else if(c.wp.receiveEmbedMessage=function(e){var t=e.data;if(!t);else if(!(t.secret||t.message||t.value));else if(\/[^a-zA-Z0-9]\/.test(t.secret));else{for(var r,s,a,i=d.querySelectorAll('iframe[data-secret=\"'+t.secret+'\"]'),n=d.querySelectorAll('blockquote[data-secret=\"'+t.secret+'\"]'),o=new RegExp(\"^https?:$\",\"i\"),l=0;l<n.length;l++)n[l].style.display=\"none\";for(l=0;l<i.length;l++)if(r=i[l],e.source!==r.contentWindow);else{if(r.removeAttribute(\"style\"),\"height\"===t.message){if(1e3<(s=parseInt(t.value,10)))s=1e3;else if(~~s<200)s=200;r.height=s}if(\"link\"===t.message)if(s=d.createElement(\"a\"),a=d.createElement(\"a\"),s.href=r.getAttribute(\"src\"),a.href=t.value,!o.test(a.protocol));else if(a.host===s.host)if(d.activeElement===r)c.top.location.href=t.value}}},e)c.addEventListener(\"message\",c.wp.receiveEmbedMessage,!1),d.addEventListener(\"DOMContentLoaded\",t,!1),c.addEventListener(\"load\",t,!1);function t(){if(o);else{o=!0;for(var e,t,r,s=-1!==navigator.appVersion.indexOf(\"MSIE 10\"),a=!!navigator.userAgent.match(\/Trident.*rv:11\\.\/),i=d.querySelectorAll(\"iframe.wp-embedded-content\"),n=0;n<i.length;n++){if(!(r=(t=i[n]).getAttribute(\"data-secret\")))r=Math.random().toString(36).substr(2,10),t.src+=\"#?secret=\"+r,t.setAttribute(\"data-secret\",r);if(s||a)(e=t.cloneNode(!0)).removeAttribute(\"security\"),t.parentNode.replaceChild(e,t);t.contentWindow.postMessage({message:\"ready\",secret:r},\"*\")}}}}(window,document);\n<\/script>\n","thumbnail_url":"https:\/\/jcarchitect.com\/jcarchitect\/wp-content\/uploads\/GIR-S018-27-wpcf_1280x720.jpg","thumbnail_width":1280,"thumbnail_height":720,"description":"Maison bucolique en Cerdagne Ferme spectaculaire situ\u00e9e \u00e0 Bellver de la Cerda\u00f1a, dans la zone ouest de la vall\u00e9e pyr\u00e9n\u00e9enne catalane la plus symbolique et la plus spectaculaire. La parcelle o\u00f9 se trouve la propri\u00e9t\u00e9 a une forme trap\u00e9zo\u00efdale. Dans sa partie large, au nord et d\u00e9limitant la parcelle se trouve la construction et dans [&hellip;]"}