{"id":34581,"date":"2009-04-13T12:11:21","date_gmt":"2009-04-13T12:11:21","guid":{"rendered":"https:\/\/jcarchitect.com\/?post_type=project&#038;p=34581"},"modified":"2020-04-14T18:47:45","modified_gmt":"2020-04-14T18:47:45","slug":"casa-jagsf","status":"publish","type":"project","link":"https:\/\/jcarchitect.com\/ca\/project\/casa-jagsf\/","title":{"rendered":"Casa JAGSF"},"content":{"rendered":"<p>Aquest projecte consisteix en una casa familiar a\u00efllat amb piscina en una parcel inclinada amb vistes cap a una vall amb la muntanya de Montserrat com a fons. El projecte es basa en la composici\u00f3 est\u00e8tica exterior i la forma en que encaixa en la parcel\u00b7la. \u00c9s una barreja de textures i materials amb parets de formig\u00f3, bigues d'acer, entramats de fusta i grans obertures de vidre. Les parets de la piscina tenen finestres, de manera que es pot veure l'aigua des de l'interior de la sala d'estar. El mosaic blanc envidriat de la piscina reflecteix els raigs de sol que porten llum a tota la casa.<\/p>\n<p>Aquest projecte es considera el vaixell ins\u00edgnia de l'empresa.<\/p>\n<p>Aquest habitatge a Barcelona \u00e9s el somni complert de l'arquitecte Jorge Campreci\u00f3s: un ambici\u00f3s projecte que destaca per les seves vistes i una sorprenent piscina que es cola a l'interior de la casa. En els \u00faltims 10 anys -temps que porten vivint aqu\u00ed-, els amos reconeixen que han gaudit molt de la casa.<\/p>\n<p>Influ\u00eft per grans noms de l'arquitectura moderna, com Pierre Koenig i Richard Neutra, a l'projectar la casa l'arquitecte va buscar amoldarla a el paisatge. El resultat \u00e9s una construcci\u00f3 que des d'alguns punts recorda la proa d'un vaixell.<\/p>\n<p>\"Les obertures de la piscina, orientada a sud, s\u00f3n essencials en la il\u00b7luminaci\u00f3 natural de la zona de dia.\"<\/p>\n<p>L'habitatge, en una parcel\u00b7la amb un fort desnivell, t\u00e9 en total tres plantes: la planta primera compta amb un despatx que es bolca a la piscina i un bany amb dutxa; la planta baixa (per on accedeix la fam\u00edlia) t\u00e9 un lavabo de cortesia, el sal\u00f3-menjador i la cuina amb office i un gran rebost. Finalment, la planta inferior compta amb els dormitoris dels fills i l'habitaci\u00f3 de matrimoni amb bany i vestidor, a m\u00e9s d'una zona de rentat.<\/p>\n<p>Hi ha dos accessos; tots dos per la fa\u00e7ana orientada a sud. Aix\u00ed, mentre que la fam\u00edlia entra per la planta baixa -a la foto de la fa\u00e7ana nord que es pot veure a continuaci\u00f3 \u00e9s la que es troba en el mig-, les visites accedeixen per la planta superior de l'habitatge via aquesta passarel\u00b7la de fusta que est\u00e0 a el mateix nivell del carrer a causa de el desnivell de la parcel\u00b7la.<\/p>\n<p>El despatx, a la planta superior, s'obre a la piscina. Aquest \u00e9s un espai exclusiu per als pares perqu\u00e8 cada fill t\u00e9 un rac\u00f3 d'estudi integrat en el seu propi dormitori. En aquesta planta tamb\u00e9 hi ha i un bany amb dutxa.<\/p>\n<p>Es tracta d'un entorn tranquil on es respira aire fresc. En general, l'interior destaca per les seves l\u00ednies senzilles i els espais funcionals i oberts. Pel que fa als materials, destaquen el formig\u00f3, l'acer i la fusta. Pel que fa a el disseny, l'arquitecte afirma que \"es va originar gr\u00e0cies a la intersecci\u00f3 de l\u00ednies projectades des dels punts de fuga obtinguts a partir de la intersecci\u00f3 dels l\u00edmits de la parcel\u00b7la\". Mentre la fa\u00e7ana sud \u00e9s herm\u00e8tica, la nord proporciona vistes a la muntanya des de les terrasses, on els amos fan barbacoes i gaudeixen de la lectura. Per despreocupar pel manteniment de terra d'exterior s'han instal\u00b7lat fusta de cumar\u00fa: una fusta d'alta duresa i excel\u00b7lent durabilitat id\u00f2nia per a espais a l'aire lliure.<\/p>\n<p>Des de la casa es pot gaudir d'unes boniques vistes de la muntanya de Montserrat<\/p>\n<p>El s\u00f2l de la casa \u00e9s de fusta de roure, tot i aix\u00f2 a la cuina s'ha triat una cer\u00e0mica imitaci\u00f3 pissarra. Es va triar el negre com a color dominant a l'tractar-se d'una cuina oberta, de manera que qued\u00e9s oculta, en certa manera, pel seu to fosc. El mobiliari \u00e9s de Cuines Sants i els taulells, de granit Zimbabwe.<\/p>\n<p>La distribuci\u00f3 t\u00e9 com a protagonista una gran illa, que es converteix en centre de reunions quan hi ha convidats. Com ja hem comentat, a la planta inferior hi ha els dormitoris, els banys i la zona de rentat. Aquest \u00e9s el dormitori principal. La calefacci\u00f3 de tota aquesta planta \u00e9s de terra radiant; mentre que per refrescar n'hi ha prou amb la ventilaci\u00f3 creuada. \"Aqu\u00ed \u00e9s al nivell en qu\u00e8 tenim m\u00e9s confort en els dies de m\u00e9s calor i tamb\u00e9 els de m\u00e9s fred, es produeix com un efecte cova\".<\/p>\n<p>Al dormitori, a m\u00e9s de l'ampli vestidor a l'entrada, destaca aquest spa amb banyera d'hidromassatge i dutxa efecte pluja.<\/p>\n<p>La barana, de cables d'acer inoxidable, presenta una inclinaci\u00f3 cap a l'interior per, de nou, recollir la tem\u00e0tica n\u00e0utica que tant agrada a l'apassionat de la mar que ha concebut el projecte. Per\u00f2 a m\u00e9s es dissenya aix\u00ed per una q\u00fcesti\u00f3 de seguretat.<\/p>\n<p>Treball desenvolupat: acte promoci\u00f3, disseny de projecte i pl\u00e0nols d'execuci\u00f3, documents de treball, especificacions, mesuraments, costos i control de pressupost, emissi\u00f3 de documents d'administraci\u00f3 i llic\u00e8ncia de projecte, gesti\u00f3 i coordinaci\u00f3 de projecte i construcci\u00f3, investigaci\u00f3 i desenvolupament de noves solucions de construcci\u00f3.<\/p>\n","protected":false},"featured_media":34402,"template":"","typology":[68],"location":[76],"project-type":[239],"yoast_head":"<!-- This site is optimized with the Yoast SEO plugin v22.6 - https:\/\/yoast.com\/wordpress\/plugins\/seo\/ -->\n<title>Casa JAGSF - JC Architect<\/title>\n<meta name=\"robots\" content=\"index, follow, max-snippet:-1, max-image-preview:large, max-video-preview:-1\" \/>\n<link rel=\"canonical\" href=\"https:\/\/jcarchitect.com\/ca\/project\/casa-jagsf\/\" \/>\n<meta property=\"og:locale\" content=\"ca_ES\" \/>\n<meta property=\"og:type\" content=\"article\" \/>\n<meta property=\"og:title\" content=\"Casa JAGSF - JC Architect\" \/>\n<meta property=\"og:description\" content=\"Aquest projecte consisteix en una casa familiar a\u00efllat amb piscina en una parcel inclinada amb vistes cap a una vall amb la muntanya de Montserrat com a fons. El projecte es basa en la composici\u00f3 est\u00e8tica exterior i la forma en que encaixa en la parcel\u00b7la. \u00c9s una barreja de textures i materials amb parets [&hellip;]\" \/>\n<meta property=\"og:url\" content=\"https:\/\/jcarchitect.com\/ca\/project\/casa-jagsf\/\" \/>\n<meta property=\"og:site_name\" content=\"JC Architect\" \/>\n<meta property=\"article:modified_time\" content=\"2020-04-14T18:47:45+00:00\" \/>\n<meta property=\"og:image\" content=\"https:\/\/jcarchitect.com\/jcarchitect\/wp-content\/uploads\/2009-001-2.jpg\" \/>\n\t<meta property=\"og:image:width\" content=\"1280\" \/>\n\t<meta property=\"og:image:height\" content=\"721\" \/>\n\t<meta property=\"og:image:type\" content=\"image\/jpeg\" \/>\n<meta name=\"twitter:card\" content=\"summary_large_image\" \/>\n<meta name=\"twitter:label1\" content=\"Temps estimat de lectura\" \/>\n\t<meta name=\"twitter:data1\" content=\"4 minuts\" \/>\n<script type=\"application\/ld+json\" class=\"yoast-schema-graph\">{\"@context\":\"https:\/\/schema.org\",\"@graph\":[{\"@type\":\"WebPage\",\"@id\":\"https:\/\/jcarchitect.com\/ca\/project\/casa-jagsf\/\",\"url\":\"https:\/\/jcarchitect.com\/ca\/project\/casa-jagsf\/\",\"name\":\"Casa JAGSF - JC Architect\",\"isPartOf\":{\"@id\":\"https:\/\/jcarchitect.com\/ca\/#website\"},\"primaryImageOfPage\":{\"@id\":\"https:\/\/jcarchitect.com\/ca\/project\/casa-jagsf\/#primaryimage\"},\"image\":{\"@id\":\"https:\/\/jcarchitect.com\/ca\/project\/casa-jagsf\/#primaryimage\"},\"thumbnailUrl\":\"https:\/\/jcarchitect.com\/jcarchitect\/wp-content\/uploads\/2009-001-2.jpg\",\"datePublished\":\"2009-04-13T12:11:21+00:00\",\"dateModified\":\"2020-04-14T18:47:45+00:00\",\"breadcrumb\":{\"@id\":\"https:\/\/jcarchitect.com\/ca\/project\/casa-jagsf\/#breadcrumb\"},\"inLanguage\":\"ca\",\"potentialAction\":[{\"@type\":\"ReadAction\",\"target\":[\"https:\/\/jcarchitect.com\/ca\/project\/casa-jagsf\/\"]}]},{\"@type\":\"ImageObject\",\"inLanguage\":\"ca\",\"@id\":\"https:\/\/jcarchitect.com\/ca\/project\/casa-jagsf\/#primaryimage\",\"url\":\"https:\/\/jcarchitect.com\/jcarchitect\/wp-content\/uploads\/2009-001-2.jpg\",\"contentUrl\":\"https:\/\/jcarchitect.com\/jcarchitect\/wp-content\/uploads\/2009-001-2.jpg\",\"width\":1280,\"height\":721},{\"@type\":\"BreadcrumbList\",\"@id\":\"https:\/\/jcarchitect.com\/ca\/project\/casa-jagsf\/#breadcrumb\",\"itemListElement\":[{\"@type\":\"ListItem\",\"position\":1,\"name\":\"Home\",\"item\":\"https:\/\/jcarchitect.com\/ca\/\"},{\"@type\":\"ListItem\",\"position\":2,\"name\":\"Casa JAGSF\"}]},{\"@type\":\"WebSite\",\"@id\":\"https:\/\/jcarchitect.com\/ca\/#website\",\"url\":\"https:\/\/jcarchitect.com\/ca\/\",\"name\":\"JC Architect\",\"description\":\"Real Estate consultancy Barcelona\",\"publisher\":{\"@id\":\"https:\/\/jcarchitect.com\/ca\/#organization\"},\"potentialAction\":[{\"@type\":\"SearchAction\",\"target\":{\"@type\":\"EntryPoint\",\"urlTemplate\":\"https:\/\/jcarchitect.com\/ca\/?s={search_term_string}\"},\"query-input\":\"required name=search_term_string\"}],\"inLanguage\":\"ca\"},{\"@type\":\"Organization\",\"@id\":\"https:\/\/jcarchitect.com\/ca\/#organization\",\"name\":\"JC Architect\",\"url\":\"https:\/\/jcarchitect.com\/ca\/\",\"logo\":{\"@type\":\"ImageObject\",\"inLanguage\":\"ca\",\"@id\":\"https:\/\/jcarchitect.com\/ca\/#\/schema\/logo\/image\/\",\"url\":\"https:\/\/jcarchitect.com\/jcarchitect\/wp-content\/uploads\/favicon-bg.png\",\"contentUrl\":\"https:\/\/jcarchitect.com\/jcarchitect\/wp-content\/uploads\/favicon-bg.png\",\"width\":144,\"height\":144,\"caption\":\"JC Architect\"},\"image\":{\"@id\":\"https:\/\/jcarchitect.com\/ca\/#\/schema\/logo\/image\/\"}}]}<\/script>\n<!-- \/ Yoast SEO plugin. -->","yoast_head_json":{"title":"Casa JAGSF - JC Architect","robots":{"index":"index","follow":"follow","max-snippet":"max-snippet:-1","max-image-preview":"max-image-preview:large","max-video-preview":"max-video-preview:-1"},"canonical":"https:\/\/jcarchitect.com\/ca\/project\/casa-jagsf\/","og_locale":"ca_ES","og_type":"article","og_title":"Casa JAGSF - JC Architect","og_description":"Aquest projecte consisteix en una casa familiar a\u00efllat amb piscina en una parcel inclinada amb vistes cap a una vall amb la muntanya de Montserrat com a fons. El projecte es basa en la composici\u00f3 est\u00e8tica exterior i la forma en que encaixa en la parcel\u00b7la. \u00c9s una barreja de textures i materials amb parets [&hellip;]","og_url":"https:\/\/jcarchitect.com\/ca\/project\/casa-jagsf\/","og_site_name":"JC Architect","article_modified_time":"2020-04-14T18:47:45+00:00","og_image":[{"width":1280,"height":721,"url":"https:\/\/jcarchitect.com\/jcarchitect\/wp-content\/uploads\/2009-001-2.jpg","type":"image\/jpeg"}],"twitter_card":"summary_large_image","twitter_misc":{"Temps estimat de lectura":"4 minuts"},"schema":{"@context":"https:\/\/schema.org","@graph":[{"@type":"WebPage","@id":"https:\/\/jcarchitect.com\/ca\/project\/casa-jagsf\/","url":"https:\/\/jcarchitect.com\/ca\/project\/casa-jagsf\/","name":"Casa JAGSF - JC Architect","isPartOf":{"@id":"https:\/\/jcarchitect.com\/ca\/#website"},"primaryImageOfPage":{"@id":"https:\/\/jcarchitect.com\/ca\/project\/casa-jagsf\/#primaryimage"},"image":{"@id":"https:\/\/jcarchitect.com\/ca\/project\/casa-jagsf\/#primaryimage"},"thumbnailUrl":"https:\/\/jcarchitect.com\/jcarchitect\/wp-content\/uploads\/2009-001-2.jpg","datePublished":"2009-04-13T12:11:21+00:00","dateModified":"2020-04-14T18:47:45+00:00","breadcrumb":{"@id":"https:\/\/jcarchitect.com\/ca\/project\/casa-jagsf\/#breadcrumb"},"inLanguage":"ca","potentialAction":[{"@type":"ReadAction","target":["https:\/\/jcarchitect.com\/ca\/project\/casa-jagsf\/"]}]},{"@type":"ImageObject","inLanguage":"ca","@id":"https:\/\/jcarchitect.com\/ca\/project\/casa-jagsf\/#primaryimage","url":"https:\/\/jcarchitect.com\/jcarchitect\/wp-content\/uploads\/2009-001-2.jpg","contentUrl":"https:\/\/jcarchitect.com\/jcarchitect\/wp-content\/uploads\/2009-001-2.jpg","width":1280,"height":721},{"@type":"BreadcrumbList","@id":"https:\/\/jcarchitect.com\/ca\/project\/casa-jagsf\/#breadcrumb","itemListElement":[{"@type":"ListItem","position":1,"name":"Home","item":"https:\/\/jcarchitect.com\/ca\/"},{"@type":"ListItem","position":2,"name":"Casa JAGSF"}]},{"@type":"WebSite","@id":"https:\/\/jcarchitect.com\/ca\/#website","url":"https:\/\/jcarchitect.com\/ca\/","name":"JC Architect","description":"Real Estate consultancy Barcelona","publisher":{"@id":"https:\/\/jcarchitect.com\/ca\/#organization"},"potentialAction":[{"@type":"SearchAction","target":{"@type":"EntryPoint","urlTemplate":"https:\/\/jcarchitect.com\/ca\/?s={search_term_string}"},"query-input":"required name=search_term_string"}],"inLanguage":"ca"},{"@type":"Organization","@id":"https:\/\/jcarchitect.com\/ca\/#organization","name":"JC Architect","url":"https:\/\/jcarchitect.com\/ca\/","logo":{"@type":"ImageObject","inLanguage":"ca","@id":"https:\/\/jcarchitect.com\/ca\/#\/schema\/logo\/image\/","url":"https:\/\/jcarchitect.com\/jcarchitect\/wp-content\/uploads\/favicon-bg.png","contentUrl":"https:\/\/jcarchitect.com\/jcarchitect\/wp-content\/uploads\/favicon-bg.png","width":144,"height":144,"caption":"JC Architect"},"image":{"@id":"https:\/\/jcarchitect.com\/ca\/#\/schema\/logo\/image\/"}}]}},"_links":{"self":[{"href":"https:\/\/jcarchitect.com\/ca\/wp-json\/wp\/v2\/project\/34581"}],"collection":[{"href":"https:\/\/jcarchitect.com\/ca\/wp-json\/wp\/v2\/project"}],"about":[{"href":"https:\/\/jcarchitect.com\/ca\/wp-json\/wp\/v2\/types\/project"}],"wp:featuredmedia":[{"embeddable":true,"href":"https:\/\/jcarchitect.com\/ca\/wp-json\/wp\/v2\/media\/34402"}],"wp:attachment":[{"href":"https:\/\/jcarchitect.com\/ca\/wp-json\/wp\/v2\/media?parent=34581"}],"wp:term":[{"taxonomy":"typology","embeddable":true,"href":"https:\/\/jcarchitect.com\/ca\/wp-json\/wp\/v2\/typology?post=34581"},{"taxonomy":"location","embeddable":true,"href":"https:\/\/jcarchitect.com\/ca\/wp-json\/wp\/v2\/location?post=34581"},{"taxonomy":"project-type","embeddable":true,"href":"https:\/\/jcarchitect.com\/ca\/wp-json\/wp\/v2\/project-type?post=34581"}],"curies":[{"name":"wp","href":"https:\/\/api.w.org\/{rel}","templated":true}]}}